{"id":32100,"date":"2025-11-06T11:38:51","date_gmt":"2025-11-06T10:38:51","guid":{"rendered":"https:\/\/kunstlabor.org\/?post_type=workshop&#038;p=32100"},"modified":"2025-11-06T11:51:55","modified_gmt":"2025-11-06T10:51:55","slug":"character-design-graffiti-auf-leinwand-familie","status":"publish","type":"workshop","link":"https:\/\/kunstlabor.org\/en\/workshop\/character-design-graffiti-auf-leinwand-familie\/","title":{"rendered":"Character design &amp; graffiti on canvas | Family"},"content":{"rendered":"\t\t<div data-elementor-type=\"wp-post\" data-elementor-id=\"32100\" class=\"elementor elementor-32100\" data-elementor-post-type=\"workshop\">\n\t\t\t\t\t\t<section class=\"elementor-section elementor-top-section elementor-element elementor-element-eed1c10 elementor-section-boxed elementor-section-height-default elementor-section-height-default\" data-id=\"eed1c10\" data-element_type=\"section\" data-e-type=\"section\">\n\t\t\t\t\t\t<div class=\"elementor-container elementor-column-gap-default\">\n\t\t\t\t\t<div class=\"elementor-column elementor-col-100 elementor-top-column elementor-element elementor-element-1cf8fcb\" data-id=\"1cf8fcb\" data-element_type=\"column\" data-e-type=\"column\">\n\t\t\t<div class=\"elementor-widget-wrap elementor-element-populated\">\n\t\t\t\t\t\t<div class=\"elementor-element elementor-element-decc59b elementor-widget elementor-widget-text-editor\" data-id=\"decc59b\" data-element_type=\"widget\" data-e-type=\"widget\" data-widget_type=\"text-editor.default\">\n\t\t\t\t<div class=\"elementor-widget-container\">\n\t\t\t\t\t\t\t\t\t<p>Ihr habt Lust euch als Familie kreativ zu bet\u00e4tigen und eure Kunstwerke mit nach Hause zu nehmen?<\/p>\n<p>In diesem Workshop speziell f\u00fcr Familien lernt ihr die Welt des Graffitis und Character Designs kennen und k\u00f6nnt euer neu erworbenes Wissen direkt in die Praxis umsetzen und auf die Leinwand bringen. Erfahrt Insider zu den Themen Farblehre, Bildaufbau und Charactern \u2013 den fig\u00fcrlichen Darstellungen der Graffiti Szene.<\/p>\n<p>Los geht es mit dem Gestalten eurer Hintergr\u00fcnde \u2013 in echter Graffiti-Manier mit Spr\u00fchdose. Gestaltet anschlie\u00dfend eure Leinw\u00e4nde mit von euch skizzierten Motiven und lasst eurer Kreativit\u00e4t freien Lauf! Hierzu verwendet ihr Acrylmaker, die die Gestaltung super easy machen. Immer an eurer Seite: Ein begabter Graffiti-Sprayer oder Sprayerin aus der M\u00fcnchner Szene.<\/p>\n<p>\u00a0<\/p>\t\t\t\t\t\t\t\t<\/div>\n\t\t\t\t<\/div>\n\t\t\t\t\t<\/div>\n\t\t<\/div>\n\t\t\t\t\t<\/div>\n\t\t<\/section>\n\t\t\t\t<section class=\"elementor-section elementor-top-section elementor-element elementor-element-8486132 elementor-section-boxed elementor-section-height-default elementor-section-height-default\" data-id=\"8486132\" data-element_type=\"section\" data-e-type=\"section\">\n\t\t\t\t\t\t<div class=\"elementor-container elementor-column-gap-default\">\n\t\t\t\t\t<div class=\"elementor-column elementor-col-100 elementor-top-column elementor-element elementor-element-cde6389\" data-id=\"cde6389\" data-element_type=\"column\" data-e-type=\"column\">\n\t\t\t<div class=\"elementor-widget-wrap\">\n\t\t\t\t\t\t\t<\/div>\n\t\t<\/div>\n\t\t\t\t\t<\/div>\n\t\t<\/section>\n\t\t\t\t<section class=\"elementor-section elementor-top-section elementor-element elementor-element-2e8f1c8 elementor-section-boxed elementor-section-height-default elementor-section-height-default\" data-id=\"2e8f1c8\" data-element_type=\"section\" data-e-type=\"section\" data-settings=\"{&quot;background_background&quot;:&quot;classic&quot;}\">\n\t\t\t\t\t\t<div class=\"elementor-container elementor-column-gap-default\">\n\t\t\t\t\t<div class=\"elementor-column elementor-col-100 elementor-top-column elementor-element elementor-element-a3d8c65\" data-id=\"a3d8c65\" data-element_type=\"column\" data-e-type=\"column\">\n\t\t\t<div class=\"elementor-widget-wrap elementor-element-populated\">\n\t\t\t\t\t\t<div class=\"elementor-element elementor-element-88d9a20 elementor-widget elementor-widget-heading\" data-id=\"88d9a20\" data-element_type=\"widget\" data-e-type=\"widget\" data-widget_type=\"heading.default\">\n\t\t\t\t<div class=\"elementor-widget-container\">\n\t\t\t\t\t<h2 class=\"elementor-heading-title elementor-size-default\">H\u00e4ufig gestellte Fragen<\/h2>\t\t\t\t<\/div>\n\t\t\t\t<\/div>\n\t\t\t\t<div class=\"elementor-element elementor-element-911fed7 elementor-widget elementor-widget-template\" data-id=\"911fed7\" data-element_type=\"widget\" data-e-type=\"widget\" data-widget_type=\"template.default\">\n\t\t\t\t<div class=\"elementor-widget-container\">\n\t\t\t\t\t\t\t<div class=\"elementor-template\">\n\t\t\t\t\t<div data-elementor-type=\"section\" data-elementor-id=\"27892\" class=\"elementor elementor-27892\" data-elementor-post-type=\"elementor_library\">\n\t\t\t\t\t<section class=\"elementor-section elementor-top-section elementor-element elementor-element-39924d9 elementor-section-boxed elementor-section-height-default elementor-section-height-default\" data-id=\"39924d9\" data-element_type=\"section\" data-e-type=\"section\" data-settings=\"{&quot;background_background&quot;:&quot;classic&quot;}\">\n\t\t\t\t\t\t<div class=\"elementor-container elementor-column-gap-no\">\n\t\t\t\t\t<div class=\"elementor-column elementor-col-100 elementor-top-column elementor-element elementor-element-e7ba14a\" data-id=\"e7ba14a\" data-element_type=\"column\" data-e-type=\"column\">\n\t\t\t<div class=\"elementor-widget-wrap elementor-element-populated\">\n\t\t\t\t\t\t<div class=\"elementor-element elementor-element-ebfe950 elementor-widget elementor-widget-heading\" data-id=\"ebfe950\" data-element_type=\"widget\" data-e-type=\"widget\" data-widget_type=\"heading.default\">\n\t\t\t\t<div class=\"elementor-widget-container\">\n\t\t\t\t\t<h3 class=\"elementor-heading-title elementor-size-default\">Allgemeine Fragen:<\/h3>\t\t\t\t<\/div>\n\t\t\t\t<\/div>\n\t\t\t\t<div class=\"elementor-element elementor-element-c18d8d9 elementor-widget elementor-widget-accordion\" data-id=\"c18d8d9\" data-element_type=\"widget\" data-e-type=\"widget\" data-widget_type=\"accordion.default\">\n\t\t\t\t<div class=\"elementor-widget-container\">\n\t\t\t\t\t\t\t<div class=\"elementor-accordion\">\n\t\t\t\t\t\t\t<div class=\"elementor-accordion-item\">\n\t\t\t\t\t<h6 id=\"elementor-tab-title-2021\" class=\"elementor-tab-title\" data-tab=\"1\" role=\"button\" aria-controls=\"elementor-tab-content-2021\" aria-expanded=\"false\">\n\t\t\t\t\t\t\t\t\t\t\t\t\t<span class=\"elementor-accordion-icon elementor-accordion-icon-left\" aria-hidden=\"true\">\n\t\t\t\t\t\t\t\t\t\t\t\t\t\t\t<span class=\"elementor-accordion-icon-closed\"><i class=\"fas fa-plus\"><\/i><\/span>\n\t\t\t\t\t\t\t\t<span class=\"elementor-accordion-icon-opened\"><i class=\"fas fa-minus\"><\/i><\/span>\n\t\t\t\t\t\t\t\t\t\t\t\t\t\t<\/span>\n\t\t\t\t\t\t\t\t\t\t\t\t<a class=\"elementor-accordion-title\" tabindex=\"0\">Wo finden die Workshops statt?<\/a>\n\t\t\t\t\t<\/h6>\n\t\t\t\t\t<div id=\"elementor-tab-content-2021\" class=\"elementor-tab-content elementor-clearfix\" data-tab=\"1\" role=\"region\" aria-labelledby=\"elementor-tab-title-2021\"><p>Alle Workshops finden im KUNSTLABOR 2 in der Dachauer Stra\u00dfe 90, 80335 M\u00fcnchen statt. Sie finden teils innen in unserem gro\u00dfen Workshopbereich, teils Outdoor in einem unserer zwei Innenh\u00f6fe statt.\u00a0<\/p><\/div>\n\t\t\t\t<\/div>\n\t\t\t\t\t\t\t<div class=\"elementor-accordion-item\">\n\t\t\t\t\t<h6 id=\"elementor-tab-title-2022\" class=\"elementor-tab-title\" data-tab=\"2\" role=\"button\" aria-controls=\"elementor-tab-content-2022\" aria-expanded=\"false\">\n\t\t\t\t\t\t\t\t\t\t\t\t\t<span class=\"elementor-accordion-icon elementor-accordion-icon-left\" aria-hidden=\"true\">\n\t\t\t\t\t\t\t\t\t\t\t\t\t\t\t<span class=\"elementor-accordion-icon-closed\"><i class=\"fas fa-plus\"><\/i><\/span>\n\t\t\t\t\t\t\t\t<span class=\"elementor-accordion-icon-opened\"><i class=\"fas fa-minus\"><\/i><\/span>\n\t\t\t\t\t\t\t\t\t\t\t\t\t\t<\/span>\n\t\t\t\t\t\t\t\t\t\t\t\t<a class=\"elementor-accordion-title\" tabindex=\"0\">Wo genau muss ich hinkommen?<\/a>\n\t\t\t\t\t<\/h6>\n\t\t\t\t\t<div id=\"elementor-tab-content-2022\" class=\"elementor-tab-content elementor-clearfix\" data-tab=\"2\" role=\"region\" aria-labelledby=\"elementor-tab-title-2022\"><p>Alle Teilnehmer*innen werden beim Empfang des KUNSTLABOR 2 abgeholt.<\/p><\/div>\n\t\t\t\t<\/div>\n\t\t\t\t\t\t\t<div class=\"elementor-accordion-item\">\n\t\t\t\t\t<h6 id=\"elementor-tab-title-2023\" class=\"elementor-tab-title\" data-tab=\"3\" role=\"button\" aria-controls=\"elementor-tab-content-2023\" aria-expanded=\"false\">\n\t\t\t\t\t\t\t\t\t\t\t\t\t<span class=\"elementor-accordion-icon elementor-accordion-icon-left\" aria-hidden=\"true\">\n\t\t\t\t\t\t\t\t\t\t\t\t\t\t\t<span class=\"elementor-accordion-icon-closed\"><i class=\"fas fa-plus\"><\/i><\/span>\n\t\t\t\t\t\t\t\t<span class=\"elementor-accordion-icon-opened\"><i class=\"fas fa-minus\"><\/i><\/span>\n\t\t\t\t\t\t\t\t\t\t\t\t\t\t<\/span>\n\t\t\t\t\t\t\t\t\t\t\t\t<a class=\"elementor-accordion-title\" tabindex=\"0\">Muss ich etwas mitbringen?<\/a>\n\t\t\t\t\t<\/h6>\n\t\t\t\t\t<div id=\"elementor-tab-content-2023\" class=\"elementor-tab-content elementor-clearfix\" data-tab=\"3\" role=\"region\" aria-labelledby=\"elementor-tab-title-2023\"><p>Alle Materialien werden nat\u00fcrlich von uns gestellt. Bitte Kleidung mitnehmen oder anziehen, die dreckig werden darf.<\/p><p>F\u00fcr die Kurse, in denen die Spr\u00fchdosen zum Einsatz kommen, bitte eigene FFP2-Maske mitbringen!<\/p><\/div>\n\t\t\t\t<\/div>\n\t\t\t\t\t\t\t<div class=\"elementor-accordion-item\">\n\t\t\t\t\t<h6 id=\"elementor-tab-title-2024\" class=\"elementor-tab-title\" data-tab=\"4\" role=\"button\" aria-controls=\"elementor-tab-content-2024\" aria-expanded=\"false\">\n\t\t\t\t\t\t\t\t\t\t\t\t\t<span class=\"elementor-accordion-icon elementor-accordion-icon-left\" aria-hidden=\"true\">\n\t\t\t\t\t\t\t\t\t\t\t\t\t\t\t<span class=\"elementor-accordion-icon-closed\"><i class=\"fas fa-plus\"><\/i><\/span>\n\t\t\t\t\t\t\t\t<span class=\"elementor-accordion-icon-opened\"><i class=\"fas fa-minus\"><\/i><\/span>\n\t\t\t\t\t\t\t\t\t\t\t\t\t\t<\/span>\n\t\t\t\t\t\t\t\t\t\t\t\t<a class=\"elementor-accordion-title\" tabindex=\"0\">Ist der Besuch der Ausstellungsfl\u00e4che im KUNSTLABOR 2 inkludiert?<\/a>\n\t\t\t\t\t<\/h6>\n\t\t\t\t\t<div id=\"elementor-tab-content-2024\" class=\"elementor-tab-content elementor-clearfix\" data-tab=\"4\" role=\"region\" aria-labelledby=\"elementor-tab-title-2024\"><p>Gerne darfst du innerhalb unserer <a href=\"https:\/\/kunstlabor.org\/oeffnungszeiten\/\" target=\"_blank\" rel=\"noopener\">\u00d6ffnungszeiten<\/a> vor oder nach dem Workshop unsere Ausstellungsfl\u00e4che im KUNSTLABOR 2 entdecken. Bei allen Workshops ist der Eintritt inkludiert.<\/p><\/div>\n\t\t\t\t<\/div>\n\t\t\t\t\t\t\t<div class=\"elementor-accordion-item\">\n\t\t\t\t\t<h6 id=\"elementor-tab-title-2025\" class=\"elementor-tab-title\" data-tab=\"5\" role=\"button\" aria-controls=\"elementor-tab-content-2025\" aria-expanded=\"false\">\n\t\t\t\t\t\t\t\t\t\t\t\t\t<span class=\"elementor-accordion-icon elementor-accordion-icon-left\" aria-hidden=\"true\">\n\t\t\t\t\t\t\t\t\t\t\t\t\t\t\t<span class=\"elementor-accordion-icon-closed\"><i class=\"fas fa-plus\"><\/i><\/span>\n\t\t\t\t\t\t\t\t<span class=\"elementor-accordion-icon-opened\"><i class=\"fas fa-minus\"><\/i><\/span>\n\t\t\t\t\t\t\t\t\t\t\t\t\t\t<\/span>\n\t\t\t\t\t\t\t\t\t\t\t\t<a class=\"elementor-accordion-title\" tabindex=\"0\">Werden auch Workshops f\u00fcr geschlossene Gruppen angeboten?<\/a>\n\t\t\t\t\t<\/h6>\n\t\t\t\t\t<div id=\"elementor-tab-content-2025\" class=\"elementor-tab-content elementor-clearfix\" data-tab=\"5\" role=\"region\" aria-labelledby=\"elementor-tab-title-2025\"><p>Workshops k\u00f6nnen auch als geschlossene Gruppe gebucht werden. (z.B. als Geburtstagsgruppe). F\u00fcr Anfragen bitte eine E-Mail an: info@kunstlabor.org\u00a0<\/p><p>Bei den privaten Geburtstagskursen sind 10 Personen im Preis inklusive. Je nach Alter der Teilnehmer*innen k\u00f6nnen nach Absprache auch maximal 13 bis 14 Personen teilnehmen. Die zus\u00e4tzlichen Kosten hierf\u00fcr k\u00f6nnen dann vor Ort nachbezahlt werden.\u00a0\u00a0<\/p><\/div>\n\t\t\t\t<\/div>\n\t\t\t\t\t\t\t<div class=\"elementor-accordion-item\">\n\t\t\t\t\t<h6 id=\"elementor-tab-title-2026\" class=\"elementor-tab-title\" data-tab=\"6\" role=\"button\" aria-controls=\"elementor-tab-content-2026\" aria-expanded=\"false\">\n\t\t\t\t\t\t\t\t\t\t\t\t\t<span class=\"elementor-accordion-icon elementor-accordion-icon-left\" aria-hidden=\"true\">\n\t\t\t\t\t\t\t\t\t\t\t\t\t\t\t<span class=\"elementor-accordion-icon-closed\"><i class=\"fas fa-plus\"><\/i><\/span>\n\t\t\t\t\t\t\t\t<span class=\"elementor-accordion-icon-opened\"><i class=\"fas fa-minus\"><\/i><\/span>\n\t\t\t\t\t\t\t\t\t\t\t\t\t\t<\/span>\n\t\t\t\t\t\t\t\t\t\t\t\t<a class=\"elementor-accordion-title\" tabindex=\"0\">Wie sind die Stornobedingungen?<\/a>\n\t\t\t\t\t<\/h6>\n\t\t\t\t\t<div id=\"elementor-tab-content-2026\" class=\"elementor-tab-content elementor-clearfix\" data-tab=\"6\" role=\"region\" aria-labelledby=\"elementor-tab-title-2026\"><p>Ein Umtausch oder die Erstattung des gebuchten\u00a0 festgelegten Workshops-Tickets ist leider nicht m\u00f6glich.<\/p><p>Bei Buchung f\u00fcr geschlossene Gruppen gelten folgende Stornobedingungen:<\/p><p>Bis 1 Woche vor Termin: kostenlos<\/p><p>6-4 Tage vor Termin: Einbehalt 50% des Workshop-Preises<\/p><p>3-2 Tage vor Termin: Einbehalt 75 % des Workshop-Preises<\/p><p>1-0 Tage vor Termin: Einbehalt 100 % des Workshop-Preises<\/p><\/div>\n\t\t\t\t<\/div>\n\t\t\t\t\t\t\t\t\t\t<script type=\"application\/ld+json\">{\"@context\":\"https:\\\/\\\/schema.org\",\"@type\":\"FAQPage\",\"mainEntity\":[{\"@type\":\"Question\",\"name\":\"Wo finden die Workshops statt?\",\"acceptedAnswer\":{\"@type\":\"Answer\",\"text\":\"<p>Alle Workshops finden im KUNSTLABOR 2 in der Dachauer Stra\\u00dfe 90, 80335 M\\u00fcnchen statt. Sie finden teils innen in unserem gro\\u00dfen Workshopbereich, teils Outdoor in einem unserer zwei Innenh\\u00f6fe statt.\\u00a0<\\\/p>\"}},{\"@type\":\"Question\",\"name\":\"Wo genau muss ich hinkommen?\",\"acceptedAnswer\":{\"@type\":\"Answer\",\"text\":\"<p>Alle Teilnehmer*innen werden beim Empfang des KUNSTLABOR 2 abgeholt.<\\\/p>\"}},{\"@type\":\"Question\",\"name\":\"Muss ich etwas mitbringen?\",\"acceptedAnswer\":{\"@type\":\"Answer\",\"text\":\"<p>Alle Materialien werden nat\\u00fcrlich von uns gestellt. Bitte Kleidung mitnehmen oder anziehen, die dreckig werden darf.<\\\/p><p>F\\u00fcr die Kurse, in denen die Spr\\u00fchdosen zum Einsatz kommen, bitte eigene FFP2-Maske mitbringen!<\\\/p>\"}},{\"@type\":\"Question\",\"name\":\"Ist der Besuch der Ausstellungsfl\\u00e4che im KUNSTLABOR 2 inkludiert?\",\"acceptedAnswer\":{\"@type\":\"Answer\",\"text\":\"<p>Gerne darfst du innerhalb unserer <a href=\\\"https:\\\/\\\/kunstlabor.org\\\/oeffnungszeiten\\\/\\\" target=\\\"_blank\\\" rel=\\\"noopener\\\">\\u00d6ffnungszeiten<\\\/a> vor oder nach dem Workshop unsere Ausstellungsfl\\u00e4che im KUNSTLABOR 2 entdecken. Bei allen Workshops ist der Eintritt inkludiert.<\\\/p>\"}},{\"@type\":\"Question\",\"name\":\"Werden auch Workshops f\\u00fcr geschlossene Gruppen angeboten?\",\"acceptedAnswer\":{\"@type\":\"Answer\",\"text\":\"<p>Workshops k\\u00f6nnen auch als geschlossene Gruppe gebucht werden. (z.B. als Geburtstagsgruppe). F\\u00fcr Anfragen bitte eine E-Mail an: info@kunstlabor.org\\u00a0<\\\/p><p>Bei den privaten Geburtstagskursen sind 10 Personen im Preis inklusive. Je nach Alter der Teilnehmer*innen k\\u00f6nnen nach Absprache auch maximal 13 bis 14 Personen teilnehmen. Die zus\\u00e4tzlichen Kosten hierf\\u00fcr k\\u00f6nnen dann vor Ort nachbezahlt werden.\\u00a0\\u00a0<\\\/p>\"}},{\"@type\":\"Question\",\"name\":\"Wie sind die Stornobedingungen?\",\"acceptedAnswer\":{\"@type\":\"Answer\",\"text\":\"<p>Ein Umtausch oder die Erstattung des gebuchten\\u00a0 festgelegten Workshops-Tickets ist leider nicht m\\u00f6glich.<\\\/p><p>Bei Buchung f\\u00fcr geschlossene Gruppen gelten folgende Stornobedingungen:<\\\/p><p>Bis 1 Woche vor Termin: kostenlos<\\\/p><p>6-4 Tage vor Termin: Einbehalt 50% des Workshop-Preises<\\\/p><p>3-2 Tage vor Termin: Einbehalt 75 % des Workshop-Preises<\\\/p><p>1-0 Tage vor Termin: Einbehalt 100 % des Workshop-Preises<\\\/p>\"}}]}<\/script>\n\t\t\t\t\t<\/div>\n\t\t\t\t\t\t<\/div>\n\t\t\t\t<\/div>\n\t\t\t\t\t<\/div>\n\t\t<\/div>\n\t\t\t\t\t<\/div>\n\t\t<\/section>\n\t\t\t\t<\/div>\n\t\t\t\t<\/div>\n\t\t\t\t\t\t<\/div>\n\t\t\t\t<\/div>\n\t\t\t\t<div class=\"elementor-element elementor-element-743df2d elementor-widget elementor-widget-template\" data-id=\"743df2d\" data-element_type=\"widget\" data-e-type=\"widget\" data-widget_type=\"template.default\">\n\t\t\t\t<div class=\"elementor-widget-container\">\n\t\t\t\t\t\t\t<div class=\"elementor-template\">\n\t\t\t\t\t<div data-elementor-type=\"section\" data-elementor-id=\"27898\" class=\"elementor elementor-27898\" data-elementor-post-type=\"elementor_library\">\n\t\t\t\t\t<section class=\"elementor-section elementor-top-section elementor-element elementor-element-82197fe elementor-section-boxed elementor-section-height-default elementor-section-height-default\" data-id=\"82197fe\" data-element_type=\"section\" data-e-type=\"section\" data-settings=\"{&quot;background_background&quot;:&quot;classic&quot;}\">\n\t\t\t\t\t\t<div class=\"elementor-container elementor-column-gap-no\">\n\t\t\t\t\t<div class=\"elementor-column elementor-col-100 elementor-top-column elementor-element elementor-element-36f629d\" data-id=\"36f629d\" data-element_type=\"column\" data-e-type=\"column\">\n\t\t\t<div class=\"elementor-widget-wrap elementor-element-populated\">\n\t\t\t\t\t\t<div class=\"elementor-element elementor-element-3dcb74a elementor-widget elementor-widget-heading\" data-id=\"3dcb74a\" data-element_type=\"widget\" data-e-type=\"widget\" data-widget_type=\"heading.default\">\n\t\t\t\t<div class=\"elementor-widget-container\">\n\t\t\t\t\t<h3 class=\"elementor-heading-title elementor-size-default\">Fragen speziell zu Graffiti-Workshops:<\/h3>\t\t\t\t<\/div>\n\t\t\t\t<\/div>\n\t\t\t\t<div class=\"elementor-element elementor-element-6f705cc elementor-widget elementor-widget-accordion\" data-id=\"6f705cc\" data-element_type=\"widget\" data-e-type=\"widget\" data-widget_type=\"accordion.default\">\n\t\t\t\t<div class=\"elementor-widget-container\">\n\t\t\t\t\t\t\t<div class=\"elementor-accordion\">\n\t\t\t\t\t\t\t<div class=\"elementor-accordion-item\">\n\t\t\t\t\t<h6 id=\"elementor-tab-title-1161\" class=\"elementor-tab-title\" data-tab=\"1\" role=\"button\" aria-controls=\"elementor-tab-content-1161\" aria-expanded=\"false\">\n\t\t\t\t\t\t\t\t\t\t\t\t\t<span class=\"elementor-accordion-icon elementor-accordion-icon-left\" aria-hidden=\"true\">\n\t\t\t\t\t\t\t\t\t\t\t\t\t\t\t<span class=\"elementor-accordion-icon-closed\"><i class=\"fas fa-plus\"><\/i><\/span>\n\t\t\t\t\t\t\t\t<span class=\"elementor-accordion-icon-opened\"><i class=\"fas fa-minus\"><\/i><\/span>\n\t\t\t\t\t\t\t\t\t\t\t\t\t\t<\/span>\n\t\t\t\t\t\t\t\t\t\t\t\t<a class=\"elementor-accordion-title\" tabindex=\"0\">Was ist bei schlechtem Wetter?<\/a>\n\t\t\t\t\t<\/h6>\n\t\t\t\t\t<div id=\"elementor-tab-content-1161\" class=\"elementor-tab-content elementor-clearfix\" data-tab=\"1\" role=\"region\" aria-labelledby=\"elementor-tab-title-1161\"><p>Die Kurse finden auch bei leichtem Regen drau\u00dfen statt, bitte dementsprechende Kleidung mitbringen. Wenn es zu stark regnet, gibt es eine Indoor-Alternative oder wir finden einen Ersatztermin.<\/p><\/div>\n\t\t\t\t<\/div>\n\t\t\t\t\t\t\t<div class=\"elementor-accordion-item\">\n\t\t\t\t\t<h6 id=\"elementor-tab-title-1162\" class=\"elementor-tab-title\" data-tab=\"2\" role=\"button\" aria-controls=\"elementor-tab-content-1162\" aria-expanded=\"false\">\n\t\t\t\t\t\t\t\t\t\t\t\t\t<span class=\"elementor-accordion-icon elementor-accordion-icon-left\" aria-hidden=\"true\">\n\t\t\t\t\t\t\t\t\t\t\t\t\t\t\t<span class=\"elementor-accordion-icon-closed\"><i class=\"fas fa-plus\"><\/i><\/span>\n\t\t\t\t\t\t\t\t<span class=\"elementor-accordion-icon-opened\"><i class=\"fas fa-minus\"><\/i><\/span>\n\t\t\t\t\t\t\t\t\t\t\t\t\t\t<\/span>\n\t\t\t\t\t\t\t\t\t\t\t\t<a class=\"elementor-accordion-title\" tabindex=\"0\">Muss ich bei meiner Kleidung etwas beachten?<\/a>\n\t\t\t\t\t<\/h6>\n\t\t\t\t\t<div id=\"elementor-tab-content-1162\" class=\"elementor-tab-content elementor-clearfix\" data-tab=\"2\" role=\"region\" aria-labelledby=\"elementor-tab-title-1162\"><p>Bitte alte Kleidung tragen die Farbe abbekommen darf. Unabh\u00e4ngig von der Corona-Lage braucht man beim Sprayen aus Schutz vor den Aerosolen immer eine FFP2-Maske. Bitte mitbringen!<\/p><\/div>\n\t\t\t\t<\/div>\n\t\t\t\t\t\t\t<div class=\"elementor-accordion-item\">\n\t\t\t\t\t<h6 id=\"elementor-tab-title-1163\" class=\"elementor-tab-title\" data-tab=\"3\" role=\"button\" aria-controls=\"elementor-tab-content-1163\" aria-expanded=\"false\">\n\t\t\t\t\t\t\t\t\t\t\t\t\t<span class=\"elementor-accordion-icon elementor-accordion-icon-left\" aria-hidden=\"true\">\n\t\t\t\t\t\t\t\t\t\t\t\t\t\t\t<span class=\"elementor-accordion-icon-closed\"><i class=\"fas fa-plus\"><\/i><\/span>\n\t\t\t\t\t\t\t\t<span class=\"elementor-accordion-icon-opened\"><i class=\"fas fa-minus\"><\/i><\/span>\n\t\t\t\t\t\t\t\t\t\t\t\t\t\t<\/span>\n\t\t\t\t\t\t\t\t\t\t\t\t<a class=\"elementor-accordion-title\" tabindex=\"0\">Finden Graffiti-Workshops im Winter statt?<\/a>\n\t\t\t\t\t<\/h6>\n\t\t\t\t\t<div id=\"elementor-tab-content-1163\" class=\"elementor-tab-content elementor-clearfix\" data-tab=\"3\" role=\"region\" aria-labelledby=\"elementor-tab-title-1163\"><p>Nein, in den Wintermonaten findet aufgrund der schlechten Wetterbedingungen kein Graffiti-Workshop statt. Es werden aber Alternativen angeboten, die im Warmen stattfinden<\/p><\/div>\n\t\t\t\t<\/div>\n\t\t\t\t\t\t\t\t\t\t<script type=\"application\/ld+json\">{\"@context\":\"https:\\\/\\\/schema.org\",\"@type\":\"FAQPage\",\"mainEntity\":[{\"@type\":\"Question\",\"name\":\"Was ist bei schlechtem Wetter?\",\"acceptedAnswer\":{\"@type\":\"Answer\",\"text\":\"<p>Die Kurse finden auch bei leichtem Regen drau\\u00dfen statt, bitte dementsprechende Kleidung mitbringen. Wenn es zu stark regnet, gibt es eine Indoor-Alternative oder wir finden einen Ersatztermin.<\\\/p>\"}},{\"@type\":\"Question\",\"name\":\"Muss ich bei meiner Kleidung etwas beachten?\",\"acceptedAnswer\":{\"@type\":\"Answer\",\"text\":\"<p>Bitte alte Kleidung tragen die Farbe abbekommen darf. Unabh\\u00e4ngig von der Corona-Lage braucht man beim Sprayen aus Schutz vor den Aerosolen immer eine FFP2-Maske. Bitte mitbringen!<\\\/p>\"}},{\"@type\":\"Question\",\"name\":\"Finden Graffiti-Workshops im Winter statt?\",\"acceptedAnswer\":{\"@type\":\"Answer\",\"text\":\"<p>Nein, in den Wintermonaten findet aufgrund der schlechten Wetterbedingungen kein Graffiti-Workshop statt. Es werden aber Alternativen angeboten, die im Warmen stattfinden<\\\/p>\"}}]}<\/script>\n\t\t\t\t\t<\/div>\n\t\t\t\t\t\t<\/div>\n\t\t\t\t<\/div>\n\t\t\t\t\t<\/div>\n\t\t<\/div>\n\t\t\t\t\t<\/div>\n\t\t<\/section>\n\t\t\t\t<\/div>\n\t\t\t\t<\/div>\n\t\t\t\t\t\t<\/div>\n\t\t\t\t<\/div>\n\t\t\t\t<div class=\"elementor-element elementor-element-d0cb766 elementor-widget elementor-widget-template\" data-id=\"d0cb766\" data-element_type=\"widget\" data-e-type=\"widget\" data-widget_type=\"template.default\">\n\t\t\t\t<div class=\"elementor-widget-container\">\n\t\t\t\t\t\t\t<div class=\"elementor-template\">\n\t\t\t\t\t<div data-elementor-type=\"section\" data-elementor-id=\"27901\" class=\"elementor elementor-27901\" data-elementor-post-type=\"elementor_library\">\n\t\t\t\t\t<section class=\"elementor-section elementor-top-section elementor-element elementor-element-8e12ca5 elementor-section-boxed elementor-section-height-default elementor-section-height-default\" data-id=\"8e12ca5\" data-element_type=\"section\" data-e-type=\"section\" data-settings=\"{&quot;background_background&quot;:&quot;classic&quot;}\">\n\t\t\t\t\t\t<div class=\"elementor-container elementor-column-gap-no\">\n\t\t\t\t\t<div class=\"elementor-column elementor-col-100 elementor-top-column elementor-element elementor-element-fd1e79d\" data-id=\"fd1e79d\" data-element_type=\"column\" data-e-type=\"column\">\n\t\t\t<div class=\"elementor-widget-wrap elementor-element-populated\">\n\t\t\t\t\t\t<div class=\"elementor-element elementor-element-cf05cb5 elementor-widget elementor-widget-heading\" data-id=\"cf05cb5\" data-element_type=\"widget\" data-e-type=\"widget\" data-widget_type=\"heading.default\">\n\t\t\t\t<div class=\"elementor-widget-container\">\n\t\t\t\t\t<h3 class=\"elementor-heading-title elementor-size-default\">Weitere Fragen?<\/h3>\t\t\t\t<\/div>\n\t\t\t\t<\/div>\n\t\t\t\t<div class=\"elementor-element elementor-element-912c054 elementor-widget elementor-widget-text-editor\" data-id=\"912c054\" data-element_type=\"widget\" data-e-type=\"widget\" data-widget_type=\"text-editor.default\">\n\t\t\t\t<div class=\"elementor-widget-container\">\n\t\t\t\t\t\t\t\t\t<p>Wende Dich gerne damit an das KUNSTLABOR 2-Team:<\/p><p>Email:\u00a0info@kunstlabor.org<\/p><p>Telefon:\u00a0+49 (0)89 32963420<\/p>\t\t\t\t\t\t\t\t<\/div>\n\t\t\t\t<\/div>\n\t\t\t\t\t<\/div>\n\t\t<\/div>\n\t\t\t\t\t<\/div>\n\t\t<\/section>\n\t\t\t\t<\/div>\n\t\t\t\t<\/div>\n\t\t\t\t\t\t<\/div>\n\t\t\t\t<\/div>\n\t\t\t\t<div class=\"elementor-element elementor-element-47a3adc elementor-widget elementor-widget-spacer\" data-id=\"47a3adc\" data-element_type=\"widget\" data-e-type=\"widget\" data-widget_type=\"spacer.default\">\n\t\t\t\t<div class=\"elementor-widget-container\">\n\t\t\t\t\t\t\t<div class=\"elementor-spacer\">\n\t\t\t<div class=\"elementor-spacer-inner\"><\/div>\n\t\t<\/div>\n\t\t\t\t\t\t<\/div>\n\t\t\t\t<\/div>\n\t\t\t\t\t<\/div>\n\t\t<\/div>\n\t\t\t\t\t<\/div>\n\t\t<\/section>\n\t\t\t\t<\/div>\n\t\t","protected":false},"featured_media":32107,"template":"","workshop-thema":[178,177],"workshop-zielgruppe":[176,181,171,174],"class_list":["post-32100","workshop","type-workshop","status-publish","has-post-thumbnail","hentry","workshop-thema-character-design","workshop-thema-graffiti","workshop-zielgruppe-erwachsene","workshop-zielgruppe-familie","workshop-zielgruppe-jugendliche","workshop-zielgruppe-kids"],"acf":[],"yoast_head":"<!-- This site is optimized with the Yoast SEO plugin v27.3 - https:\/\/yoast.com\/product\/yoast-seo-wordpress\/ -->\n<title>Character Design &amp; Graffiti auf Leinwand | Familie &#8212; Kunstlabor 2<\/title>\n<meta name=\"description\" content=\"Bei diesem Workshop gibt`s spannende Infos zu den Basics des Graffiti und du gestaltest Deine Leinwand mit Spraydose und Acrylstift.\" \/>\n<meta name=\"robots\" content=\"index, follow, max-snippet:-1, max-image-preview:large, max-video-preview:-1\" \/>\n<link rel=\"canonical\" href=\"https:\/\/kunstlabor.org\/en\/workshop\/character-design-graffiti-auf-leinwand-familie\/\" \/>\n<meta property=\"og:locale\" content=\"en_GB\" \/>\n<meta property=\"og:type\" content=\"article\" \/>\n<meta property=\"og:title\" content=\"Character Design &amp; Graffiti auf Leinwand | Familie &#8212; Kunstlabor 2\" \/>\n<meta property=\"og:description\" content=\"Bei diesem Workshop gibt`s spannende Infos zu den Basics des Graffiti und du gestaltest Deine Leinwand mit Spraydose und Acrylstift.\" \/>\n<meta property=\"og:url\" content=\"https:\/\/kunstlabor.org\/en\/workshop\/character-design-graffiti-auf-leinwand-familie\/\" \/>\n<meta property=\"og:site_name\" content=\"Kunstlabor 2\" \/>\n<meta property=\"article:modified_time\" content=\"2025-11-06T10:51:55+00:00\" \/>\n<meta property=\"og:image\" content=\"https:\/\/kunstlabor.org\/wp-content\/uploads\/2025\/11\/c-Levin-Mayerhofer-3.jpg\" \/>\n\t<meta property=\"og:image:width\" content=\"1536\" \/>\n\t<meta property=\"og:image:height\" content=\"2048\" \/>\n\t<meta property=\"og:image:type\" content=\"image\/jpeg\" \/>\n<meta name=\"twitter:card\" content=\"summary_large_image\" \/>\n<script type=\"application\/ld+json\" class=\"yoast-schema-graph\">{\"@context\":\"https:\\\/\\\/schema.org\",\"@graph\":[{\"@type\":\"WebPage\",\"@id\":\"https:\\\/\\\/kunstlabor.org\\\/workshop\\\/character-design-graffiti-auf-leinwand-familie\\\/\",\"url\":\"https:\\\/\\\/kunstlabor.org\\\/workshop\\\/character-design-graffiti-auf-leinwand-familie\\\/\",\"name\":\"Character Design &amp; Graffiti auf Leinwand | Familie &#8212; Kunstlabor 2\",\"isPartOf\":{\"@id\":\"https:\\\/\\\/kunstlabor.org\\\/#website\"},\"primaryImageOfPage\":{\"@id\":\"https:\\\/\\\/kunstlabor.org\\\/workshop\\\/character-design-graffiti-auf-leinwand-familie\\\/#primaryimage\"},\"image\":{\"@id\":\"https:\\\/\\\/kunstlabor.org\\\/workshop\\\/character-design-graffiti-auf-leinwand-familie\\\/#primaryimage\"},\"thumbnailUrl\":\"https:\\\/\\\/kunstlabor.org\\\/wp-content\\\/uploads\\\/2025\\\/11\\\/c-Levin-Mayerhofer-3.jpg\",\"datePublished\":\"2025-11-06T10:38:51+00:00\",\"dateModified\":\"2025-11-06T10:51:55+00:00\",\"description\":\"Bei diesem Workshop gibt`s spannende Infos zu den Basics des Graffiti und du gestaltest Deine Leinwand mit Spraydose und Acrylstift.\",\"breadcrumb\":{\"@id\":\"https:\\\/\\\/kunstlabor.org\\\/workshop\\\/character-design-graffiti-auf-leinwand-familie\\\/#breadcrumb\"},\"inLanguage\":\"en-GB\",\"potentialAction\":[{\"@type\":\"ReadAction\",\"target\":[\"https:\\\/\\\/kunstlabor.org\\\/workshop\\\/character-design-graffiti-auf-leinwand-familie\\\/\"]}]},{\"@type\":\"ImageObject\",\"inLanguage\":\"en-GB\",\"@id\":\"https:\\\/\\\/kunstlabor.org\\\/workshop\\\/character-design-graffiti-auf-leinwand-familie\\\/#primaryimage\",\"url\":\"https:\\\/\\\/kunstlabor.org\\\/wp-content\\\/uploads\\\/2025\\\/11\\\/c-Levin-Mayerhofer-3.jpg\",\"contentUrl\":\"https:\\\/\\\/kunstlabor.org\\\/wp-content\\\/uploads\\\/2025\\\/11\\\/c-Levin-Mayerhofer-3.jpg\",\"width\":1536,\"height\":2048},{\"@type\":\"BreadcrumbList\",\"@id\":\"https:\\\/\\\/kunstlabor.org\\\/workshop\\\/character-design-graffiti-auf-leinwand-familie\\\/#breadcrumb\",\"itemListElement\":[{\"@type\":\"ListItem\",\"position\":1,\"name\":\"Startseite\",\"item\":\"https:\\\/\\\/kunstlabor.org\\\/\"},{\"@type\":\"ListItem\",\"position\":2,\"name\":\"Workshops\",\"item\":\"https:\\\/\\\/kunstlabor.org\\\/workshop\\\/\"},{\"@type\":\"ListItem\",\"position\":3,\"name\":\"Character Design &amp; Graffiti auf Leinwand | Familie\"}]},{\"@type\":\"WebSite\",\"@id\":\"https:\\\/\\\/kunstlabor.org\\\/#website\",\"url\":\"https:\\\/\\\/kunstlabor.org\\\/\",\"name\":\"Kunstlabor 2\",\"description\":\"M\u00fcnchens gr\u00f6\u00dfte Zwischennutzung geht an den Start\",\"publisher\":{\"@id\":\"https:\\\/\\\/kunstlabor.org\\\/#organization\"},\"potentialAction\":[{\"@type\":\"SearchAction\",\"target\":{\"@type\":\"EntryPoint\",\"urlTemplate\":\"https:\\\/\\\/kunstlabor.org\\\/?s={search_term_string}\"},\"query-input\":{\"@type\":\"PropertyValueSpecification\",\"valueRequired\":true,\"valueName\":\"search_term_string\"}}],\"inLanguage\":\"en-GB\"},{\"@type\":\"Organization\",\"@id\":\"https:\\\/\\\/kunstlabor.org\\\/#organization\",\"name\":\"Kunstlabor\",\"url\":\"https:\\\/\\\/kunstlabor.org\\\/\",\"logo\":{\"@type\":\"ImageObject\",\"inLanguage\":\"en-GB\",\"@id\":\"https:\\\/\\\/kunstlabor.org\\\/#\\\/schema\\\/logo\\\/image\\\/\",\"url\":\"https:\\\/\\\/kunstlabor.org\\\/wp-content\\\/uploads\\\/2021\\\/05\\\/logo.png\",\"contentUrl\":\"https:\\\/\\\/kunstlabor.org\\\/wp-content\\\/uploads\\\/2021\\\/05\\\/logo.png\",\"width\":490,\"height\":260,\"caption\":\"Kunstlabor\"},\"image\":{\"@id\":\"https:\\\/\\\/kunstlabor.org\\\/#\\\/schema\\\/logo\\\/image\\\/\"}}]}<\/script>\n<!-- \/ Yoast SEO plugin. -->","yoast_head_json":{"title":"Character Design &amp; Graffiti on Canvas | Family - Art Lab 2","description":"In this workshop, you will learn exciting information about the basics of graffiti and design your canvas with a spray can and acrylic pen.","robots":{"index":"index","follow":"follow","max-snippet":"max-snippet:-1","max-image-preview":"max-image-preview:large","max-video-preview":"max-video-preview:-1"},"canonical":"https:\/\/kunstlabor.org\/en\/workshop\/character-design-graffiti-auf-leinwand-familie\/","og_locale":"en_GB","og_type":"article","og_title":"Character Design &amp; Graffiti auf Leinwand | Familie &#8212; Kunstlabor 2","og_description":"Bei diesem Workshop gibt`s spannende Infos zu den Basics des Graffiti und du gestaltest Deine Leinwand mit Spraydose und Acrylstift.","og_url":"https:\/\/kunstlabor.org\/en\/workshop\/character-design-graffiti-auf-leinwand-familie\/","og_site_name":"Kunstlabor 2","article_modified_time":"2025-11-06T10:51:55+00:00","og_image":[{"width":1536,"height":2048,"url":"https:\/\/kunstlabor.org\/wp-content\/uploads\/2025\/11\/c-Levin-Mayerhofer-3.jpg","type":"image\/jpeg"}],"twitter_card":"summary_large_image","schema":{"@context":"https:\/\/schema.org","@graph":[{"@type":"WebPage","@id":"https:\/\/kunstlabor.org\/workshop\/character-design-graffiti-auf-leinwand-familie\/","url":"https:\/\/kunstlabor.org\/workshop\/character-design-graffiti-auf-leinwand-familie\/","name":"Character Design &amp; Graffiti on Canvas | Family - Art Lab 2","isPartOf":{"@id":"https:\/\/kunstlabor.org\/#website"},"primaryImageOfPage":{"@id":"https:\/\/kunstlabor.org\/workshop\/character-design-graffiti-auf-leinwand-familie\/#primaryimage"},"image":{"@id":"https:\/\/kunstlabor.org\/workshop\/character-design-graffiti-auf-leinwand-familie\/#primaryimage"},"thumbnailUrl":"https:\/\/kunstlabor.org\/wp-content\/uploads\/2025\/11\/c-Levin-Mayerhofer-3.jpg","datePublished":"2025-11-06T10:38:51+00:00","dateModified":"2025-11-06T10:51:55+00:00","description":"In this workshop, you will learn exciting information about the basics of graffiti and design your canvas with a spray can and acrylic pen.","breadcrumb":{"@id":"https:\/\/kunstlabor.org\/workshop\/character-design-graffiti-auf-leinwand-familie\/#breadcrumb"},"inLanguage":"en-GB","potentialAction":[{"@type":"ReadAction","target":["https:\/\/kunstlabor.org\/workshop\/character-design-graffiti-auf-leinwand-familie\/"]}]},{"@type":"ImageObject","inLanguage":"en-GB","@id":"https:\/\/kunstlabor.org\/workshop\/character-design-graffiti-auf-leinwand-familie\/#primaryimage","url":"https:\/\/kunstlabor.org\/wp-content\/uploads\/2025\/11\/c-Levin-Mayerhofer-3.jpg","contentUrl":"https:\/\/kunstlabor.org\/wp-content\/uploads\/2025\/11\/c-Levin-Mayerhofer-3.jpg","width":1536,"height":2048},{"@type":"BreadcrumbList","@id":"https:\/\/kunstlabor.org\/workshop\/character-design-graffiti-auf-leinwand-familie\/#breadcrumb","itemListElement":[{"@type":"ListItem","position":1,"name":"Startseite","item":"https:\/\/kunstlabor.org\/"},{"@type":"ListItem","position":2,"name":"Workshops","item":"https:\/\/kunstlabor.org\/workshop\/"},{"@type":"ListItem","position":3,"name":"Character Design &amp; Graffiti auf Leinwand | Familie"}]},{"@type":"WebSite","@id":"https:\/\/kunstlabor.org\/#website","url":"https:\/\/kunstlabor.org\/","name":"Kunstlabor 2","description":"Munich's largest interim use gets underway","publisher":{"@id":"https:\/\/kunstlabor.org\/#organization"},"potentialAction":[{"@type":"SearchAction","target":{"@type":"EntryPoint","urlTemplate":"https:\/\/kunstlabor.org\/?s={search_term_string}"},"query-input":{"@type":"PropertyValueSpecification","valueRequired":true,"valueName":"search_term_string"}}],"inLanguage":"en-GB"},{"@type":"Organization","@id":"https:\/\/kunstlabor.org\/#organization","name":"Art Lab","url":"https:\/\/kunstlabor.org\/","logo":{"@type":"ImageObject","inLanguage":"en-GB","@id":"https:\/\/kunstlabor.org\/#\/schema\/logo\/image\/","url":"https:\/\/kunstlabor.org\/wp-content\/uploads\/2021\/05\/logo.png","contentUrl":"https:\/\/kunstlabor.org\/wp-content\/uploads\/2021\/05\/logo.png","width":490,"height":260,"caption":"Kunstlabor"},"image":{"@id":"https:\/\/kunstlabor.org\/#\/schema\/logo\/image\/"}}]}},"_links":{"self":[{"href":"https:\/\/kunstlabor.org\/en\/wp-json\/wp\/v2\/workshop\/32100","targetHints":{"allow":["GET"]}}],"collection":[{"href":"https:\/\/kunstlabor.org\/en\/wp-json\/wp\/v2\/workshop"}],"about":[{"href":"https:\/\/kunstlabor.org\/en\/wp-json\/wp\/v2\/types\/workshop"}],"version-history":[{"count":4,"href":"https:\/\/kunstlabor.org\/en\/wp-json\/wp\/v2\/workshop\/32100\/revisions"}],"predecessor-version":[{"id":32104,"href":"https:\/\/kunstlabor.org\/en\/wp-json\/wp\/v2\/workshop\/32100\/revisions\/32104"}],"wp:featuredmedia":[{"embeddable":true,"href":"https:\/\/kunstlabor.org\/en\/wp-json\/wp\/v2\/media\/32107"}],"wp:attachment":[{"href":"https:\/\/kunstlabor.org\/en\/wp-json\/wp\/v2\/media?parent=32100"}],"wp:term":[{"taxonomy":"workshop-thema","embeddable":true,"href":"https:\/\/kunstlabor.org\/en\/wp-json\/wp\/v2\/workshop-thema?post=32100"},{"taxonomy":"workshop-zielgruppe","embeddable":true,"href":"https:\/\/kunstlabor.org\/en\/wp-json\/wp\/v2\/workshop-zielgruppe?post=32100"}],"curies":[{"name":"wp","href":"https:\/\/api.w.org\/{rel}","templated":true}]}}