{"id":27558,"date":"2023-04-27T14:33:46","date_gmt":"2023-04-27T12:33:46","guid":{"rendered":"https:\/\/kunstlabor.org\/?post_type=workshop&#038;p=27558"},"modified":"2024-02-28T14:57:59","modified_gmt":"2024-02-28T13:57:59","slug":"stencil-workshop-kids","status":"publish","type":"workshop","link":"https:\/\/kunstlabor.org\/en\/workshop\/stencil-workshop-kids\/","title":{"rendered":"Birthday workshop: Stencil Workshop | Kids"},"content":{"rendered":"\t\t<div data-elementor-type=\"wp-post\" data-elementor-id=\"27558\" class=\"elementor elementor-27558\" data-elementor-post-type=\"workshop\">\n\t\t\t\t\t\t<section class=\"elementor-section elementor-top-section elementor-element elementor-element-2f9dba4 elementor-section-boxed elementor-section-height-default elementor-section-height-default\" data-id=\"2f9dba4\" data-element_type=\"section\" data-e-type=\"section\">\n\t\t\t\t\t\t<div class=\"elementor-container elementor-column-gap-default\">\n\t\t\t\t\t<div class=\"elementor-column elementor-col-100 elementor-top-column elementor-element elementor-element-42f601c\" data-id=\"42f601c\" data-element_type=\"column\" data-e-type=\"column\">\n\t\t\t<div class=\"elementor-widget-wrap elementor-element-populated\">\n\t\t\t\t\t\t<div class=\"elementor-element elementor-element-b3432cb elementor-widget__width-initial elementor-widget elementor-widget-text-editor\" data-id=\"b3432cb\" data-element_type=\"widget\" data-e-type=\"widget\" data-widget_type=\"text-editor.default\">\n\t\t\t\t<div class=\"elementor-widget-container\">\n\t\t\t\t\t\t\t\t\t<p>Workshop f\u00fcr alle begeisterten Schablonen-K\u00fcnstler!<\/p><p>Du m\u00f6chtest deinen Geburtstag mit Freunden und\/oder Familie mal ganz anders feiern? Dann buche dir deinen exklusiven Stencil-Workshop im KUNSTLABOR 2 in der Dachauer Stra\u00dfe in M\u00fcnchen.\u00a0\u00a0<\/p><p>Wir bieten Stencil-Geburtstagspakete f\u00fcr alle Altersgruppen (ab 8 Jahren) mit maximal 10 Teilnehmer*innen an.<\/p><p>Stencil ist das englische Wort f\u00fcr &#8222;Schablone&#8220;. Mit Stencil bezeichnet man auch Street- und<a href=\"https:\/\/www.muca.eu\/graffiti\/\" target=\"_blank\" rel=\"noopener\"> Graffiti-Kunst<\/a>, die nicht freih\u00e4ndig entsteht, sondern mit Hilfe von Schablonen. Die Schablonen werden in der Szene dabei zumeist aus Pappe, Kunststoff oder laminierten Papier hergestellt und haben den Vorteil, dass das entworfene Motiv identisch vervielf\u00e4ltigt werden kann.<\/p><p>Schon die Steinzeit-Menschen nutzen die Schablonen-Technik zum Erstellen von H\u00f6hlenmalereien: sie hielten ihre H\u00e4nde an die W\u00e4nde und \u00fcberspritzen sie mit Farbe.<\/p><p>Bei den heutigen Stencils kommen neben Farbe aus Spraydosen auch Pinsel, \u00d6lkreide oder Airbrush zum Einsatz.<\/p><p>In unserem Workshop im KUNSTLABOR 2 lernst du, wie man mit Cutter und Papier eine Schablone anfertigt und mit Spritztechnik sein eigenes cooles Stencil gestaltet.<\/p><p>Vom Papier bis zu Umsetzung an der Wand, begleiten dich unsere Workshopleiter*innen, die dir mit ihrer langj\u00e4hrigen Erfahrung auch alles an Wissen rund ums Spr\u00fchen mit an die Hand geben k\u00f6nnen.<\/p><p>Style, Farben, Technik und coole Storys erwarteten dich hier bei uns im KUNSTLABOR 2.<\/p>\t\t\t\t\t\t\t\t<\/div>\n\t\t\t\t<\/div>\n\t\t\t\t\t<\/div>\n\t\t<\/div>\n\t\t\t\t\t<\/div>\n\t\t<\/section>\n\t\t\t\t<section class=\"elementor-section elementor-top-section elementor-element elementor-element-e0fa56c elementor-section-boxed elementor-section-height-default elementor-section-height-default\" data-id=\"e0fa56c\" data-element_type=\"section\" data-e-type=\"section\" data-settings=\"{&quot;background_background&quot;:&quot;classic&quot;}\">\n\t\t\t\t\t\t<div class=\"elementor-container elementor-column-gap-default\">\n\t\t\t\t\t<div class=\"elementor-column elementor-col-100 elementor-top-column elementor-element elementor-element-8163aba\" data-id=\"8163aba\" data-element_type=\"column\" data-e-type=\"column\">\n\t\t\t<div class=\"elementor-widget-wrap elementor-element-populated\">\n\t\t\t\t\t\t<div class=\"elementor-element elementor-element-c597d25 elementor-widget elementor-widget-heading\" data-id=\"c597d25\" data-element_type=\"widget\" data-e-type=\"widget\" data-widget_type=\"heading.default\">\n\t\t\t\t<div class=\"elementor-widget-container\">\n\t\t\t\t\t<h2 class=\"elementor-heading-title elementor-size-default\">H\u00e4ufig gestellte Fragen<\/h2>\t\t\t\t<\/div>\n\t\t\t\t<\/div>\n\t\t\t\t<div class=\"elementor-element elementor-element-46d2dfc elementor-widget elementor-widget-template\" data-id=\"46d2dfc\" data-element_type=\"widget\" data-e-type=\"widget\" data-widget_type=\"template.default\">\n\t\t\t\t<div class=\"elementor-widget-container\">\n\t\t\t\t\t\t\t<div class=\"elementor-template\">\n\t\t\t\t\t<div data-elementor-type=\"section\" data-elementor-id=\"27892\" class=\"elementor elementor-27892\" data-elementor-post-type=\"elementor_library\">\n\t\t\t\t\t<section class=\"elementor-section elementor-top-section elementor-element elementor-element-39924d9 elementor-section-boxed elementor-section-height-default elementor-section-height-default\" data-id=\"39924d9\" data-element_type=\"section\" data-e-type=\"section\" data-settings=\"{&quot;background_background&quot;:&quot;classic&quot;}\">\n\t\t\t\t\t\t<div class=\"elementor-container elementor-column-gap-no\">\n\t\t\t\t\t<div class=\"elementor-column elementor-col-100 elementor-top-column elementor-element elementor-element-e7ba14a\" data-id=\"e7ba14a\" data-element_type=\"column\" data-e-type=\"column\">\n\t\t\t<div class=\"elementor-widget-wrap elementor-element-populated\">\n\t\t\t\t\t\t<div class=\"elementor-element elementor-element-ebfe950 elementor-widget elementor-widget-heading\" data-id=\"ebfe950\" data-element_type=\"widget\" data-e-type=\"widget\" data-widget_type=\"heading.default\">\n\t\t\t\t<div class=\"elementor-widget-container\">\n\t\t\t\t\t<h3 class=\"elementor-heading-title elementor-size-default\">Allgemeine Fragen:<\/h3>\t\t\t\t<\/div>\n\t\t\t\t<\/div>\n\t\t\t\t<div class=\"elementor-element elementor-element-c18d8d9 elementor-widget elementor-widget-accordion\" data-id=\"c18d8d9\" data-element_type=\"widget\" data-e-type=\"widget\" data-widget_type=\"accordion.default\">\n\t\t\t\t<div class=\"elementor-widget-container\">\n\t\t\t\t\t\t\t<div class=\"elementor-accordion\">\n\t\t\t\t\t\t\t<div class=\"elementor-accordion-item\">\n\t\t\t\t\t<h6 id=\"elementor-tab-title-2021\" class=\"elementor-tab-title\" data-tab=\"1\" role=\"button\" aria-controls=\"elementor-tab-content-2021\" aria-expanded=\"false\">\n\t\t\t\t\t\t\t\t\t\t\t\t\t<span class=\"elementor-accordion-icon elementor-accordion-icon-left\" aria-hidden=\"true\">\n\t\t\t\t\t\t\t\t\t\t\t\t\t\t\t<span class=\"elementor-accordion-icon-closed\"><i class=\"fas fa-plus\"><\/i><\/span>\n\t\t\t\t\t\t\t\t<span class=\"elementor-accordion-icon-opened\"><i class=\"fas fa-minus\"><\/i><\/span>\n\t\t\t\t\t\t\t\t\t\t\t\t\t\t<\/span>\n\t\t\t\t\t\t\t\t\t\t\t\t<a class=\"elementor-accordion-title\" tabindex=\"0\">Wo finden die Workshops statt?<\/a>\n\t\t\t\t\t<\/h6>\n\t\t\t\t\t<div id=\"elementor-tab-content-2021\" class=\"elementor-tab-content elementor-clearfix\" data-tab=\"1\" role=\"region\" aria-labelledby=\"elementor-tab-title-2021\"><p>Alle Workshops finden im KUNSTLABOR 2 in der Dachauer Stra\u00dfe 90, 80335 M\u00fcnchen statt. Sie finden teils innen in unserem gro\u00dfen Workshopbereich, teils Outdoor in einem unserer zwei Innenh\u00f6fe statt.\u00a0<\/p><\/div>\n\t\t\t\t<\/div>\n\t\t\t\t\t\t\t<div class=\"elementor-accordion-item\">\n\t\t\t\t\t<h6 id=\"elementor-tab-title-2022\" class=\"elementor-tab-title\" data-tab=\"2\" role=\"button\" aria-controls=\"elementor-tab-content-2022\" aria-expanded=\"false\">\n\t\t\t\t\t\t\t\t\t\t\t\t\t<span class=\"elementor-accordion-icon elementor-accordion-icon-left\" aria-hidden=\"true\">\n\t\t\t\t\t\t\t\t\t\t\t\t\t\t\t<span class=\"elementor-accordion-icon-closed\"><i class=\"fas fa-plus\"><\/i><\/span>\n\t\t\t\t\t\t\t\t<span class=\"elementor-accordion-icon-opened\"><i class=\"fas fa-minus\"><\/i><\/span>\n\t\t\t\t\t\t\t\t\t\t\t\t\t\t<\/span>\n\t\t\t\t\t\t\t\t\t\t\t\t<a class=\"elementor-accordion-title\" tabindex=\"0\">Wo genau muss ich hinkommen?<\/a>\n\t\t\t\t\t<\/h6>\n\t\t\t\t\t<div id=\"elementor-tab-content-2022\" class=\"elementor-tab-content elementor-clearfix\" data-tab=\"2\" role=\"region\" aria-labelledby=\"elementor-tab-title-2022\"><p>Alle Teilnehmer*innen werden beim Empfang des KUNSTLABOR 2 abgeholt.<\/p><\/div>\n\t\t\t\t<\/div>\n\t\t\t\t\t\t\t<div class=\"elementor-accordion-item\">\n\t\t\t\t\t<h6 id=\"elementor-tab-title-2023\" class=\"elementor-tab-title\" data-tab=\"3\" role=\"button\" aria-controls=\"elementor-tab-content-2023\" aria-expanded=\"false\">\n\t\t\t\t\t\t\t\t\t\t\t\t\t<span class=\"elementor-accordion-icon elementor-accordion-icon-left\" aria-hidden=\"true\">\n\t\t\t\t\t\t\t\t\t\t\t\t\t\t\t<span class=\"elementor-accordion-icon-closed\"><i class=\"fas fa-plus\"><\/i><\/span>\n\t\t\t\t\t\t\t\t<span class=\"elementor-accordion-icon-opened\"><i class=\"fas fa-minus\"><\/i><\/span>\n\t\t\t\t\t\t\t\t\t\t\t\t\t\t<\/span>\n\t\t\t\t\t\t\t\t\t\t\t\t<a class=\"elementor-accordion-title\" tabindex=\"0\">Muss ich etwas mitbringen?<\/a>\n\t\t\t\t\t<\/h6>\n\t\t\t\t\t<div id=\"elementor-tab-content-2023\" class=\"elementor-tab-content elementor-clearfix\" data-tab=\"3\" role=\"region\" aria-labelledby=\"elementor-tab-title-2023\"><p>Alle Materialien werden nat\u00fcrlich von uns gestellt. Bitte Kleidung mitnehmen oder anziehen, die dreckig werden darf.<\/p><p>F\u00fcr die Kurse, in denen die Spr\u00fchdosen zum Einsatz kommen, bitte eigene FFP2-Maske mitbringen!<\/p><\/div>\n\t\t\t\t<\/div>\n\t\t\t\t\t\t\t<div class=\"elementor-accordion-item\">\n\t\t\t\t\t<h6 id=\"elementor-tab-title-2024\" class=\"elementor-tab-title\" data-tab=\"4\" role=\"button\" aria-controls=\"elementor-tab-content-2024\" aria-expanded=\"false\">\n\t\t\t\t\t\t\t\t\t\t\t\t\t<span class=\"elementor-accordion-icon elementor-accordion-icon-left\" aria-hidden=\"true\">\n\t\t\t\t\t\t\t\t\t\t\t\t\t\t\t<span class=\"elementor-accordion-icon-closed\"><i class=\"fas fa-plus\"><\/i><\/span>\n\t\t\t\t\t\t\t\t<span class=\"elementor-accordion-icon-opened\"><i class=\"fas fa-minus\"><\/i><\/span>\n\t\t\t\t\t\t\t\t\t\t\t\t\t\t<\/span>\n\t\t\t\t\t\t\t\t\t\t\t\t<a class=\"elementor-accordion-title\" tabindex=\"0\">Ist der Besuch der Ausstellungsfl\u00e4che im KUNSTLABOR 2 inkludiert?<\/a>\n\t\t\t\t\t<\/h6>\n\t\t\t\t\t<div id=\"elementor-tab-content-2024\" class=\"elementor-tab-content elementor-clearfix\" data-tab=\"4\" role=\"region\" aria-labelledby=\"elementor-tab-title-2024\"><p>Gerne darfst du innerhalb unserer <a href=\"https:\/\/kunstlabor.org\/oeffnungszeiten\/\" target=\"_blank\" rel=\"noopener\">\u00d6ffnungszeiten<\/a> vor oder nach dem Workshop unsere Ausstellungsfl\u00e4che im KUNSTLABOR 2 entdecken. Bei allen Workshops ist der Eintritt inkludiert.<\/p><\/div>\n\t\t\t\t<\/div>\n\t\t\t\t\t\t\t<div class=\"elementor-accordion-item\">\n\t\t\t\t\t<h6 id=\"elementor-tab-title-2025\" class=\"elementor-tab-title\" data-tab=\"5\" role=\"button\" aria-controls=\"elementor-tab-content-2025\" aria-expanded=\"false\">\n\t\t\t\t\t\t\t\t\t\t\t\t\t<span class=\"elementor-accordion-icon elementor-accordion-icon-left\" aria-hidden=\"true\">\n\t\t\t\t\t\t\t\t\t\t\t\t\t\t\t<span class=\"elementor-accordion-icon-closed\"><i class=\"fas fa-plus\"><\/i><\/span>\n\t\t\t\t\t\t\t\t<span class=\"elementor-accordion-icon-opened\"><i class=\"fas fa-minus\"><\/i><\/span>\n\t\t\t\t\t\t\t\t\t\t\t\t\t\t<\/span>\n\t\t\t\t\t\t\t\t\t\t\t\t<a class=\"elementor-accordion-title\" tabindex=\"0\">Werden auch Workshops f\u00fcr geschlossene Gruppen angeboten?<\/a>\n\t\t\t\t\t<\/h6>\n\t\t\t\t\t<div id=\"elementor-tab-content-2025\" class=\"elementor-tab-content elementor-clearfix\" data-tab=\"5\" role=\"region\" aria-labelledby=\"elementor-tab-title-2025\"><p>Workshops k\u00f6nnen auch als geschlossene Gruppe gebucht werden. (z.B. als Geburtstagsgruppe). F\u00fcr Anfragen bitte eine E-Mail an: info@kunstlabor.org\u00a0<\/p><p>Bei den privaten Geburtstagskursen sind 10 Personen im Preis inklusive. Je nach Alter der Teilnehmer*innen k\u00f6nnen nach Absprache auch maximal 13 bis 14 Personen teilnehmen. Die zus\u00e4tzlichen Kosten hierf\u00fcr k\u00f6nnen dann vor Ort nachbezahlt werden.\u00a0\u00a0<\/p><\/div>\n\t\t\t\t<\/div>\n\t\t\t\t\t\t\t<div class=\"elementor-accordion-item\">\n\t\t\t\t\t<h6 id=\"elementor-tab-title-2026\" class=\"elementor-tab-title\" data-tab=\"6\" role=\"button\" aria-controls=\"elementor-tab-content-2026\" aria-expanded=\"false\">\n\t\t\t\t\t\t\t\t\t\t\t\t\t<span class=\"elementor-accordion-icon elementor-accordion-icon-left\" aria-hidden=\"true\">\n\t\t\t\t\t\t\t\t\t\t\t\t\t\t\t<span class=\"elementor-accordion-icon-closed\"><i class=\"fas fa-plus\"><\/i><\/span>\n\t\t\t\t\t\t\t\t<span class=\"elementor-accordion-icon-opened\"><i class=\"fas fa-minus\"><\/i><\/span>\n\t\t\t\t\t\t\t\t\t\t\t\t\t\t<\/span>\n\t\t\t\t\t\t\t\t\t\t\t\t<a class=\"elementor-accordion-title\" tabindex=\"0\">Wie sind die Stornobedingungen?<\/a>\n\t\t\t\t\t<\/h6>\n\t\t\t\t\t<div id=\"elementor-tab-content-2026\" class=\"elementor-tab-content elementor-clearfix\" data-tab=\"6\" role=\"region\" aria-labelledby=\"elementor-tab-title-2026\"><p>Ein Umtausch oder die Erstattung des gebuchten\u00a0 festgelegten Workshops-Tickets ist leider nicht m\u00f6glich.<\/p><p>Bei Buchung f\u00fcr geschlossene Gruppen gelten folgende Stornobedingungen:<\/p><p>Bis 1 Woche vor Termin: kostenlos<\/p><p>6-4 Tage vor Termin: Einbehalt 50% des Workshop-Preises<\/p><p>3-2 Tage vor Termin: Einbehalt 75 % des Workshop-Preises<\/p><p>1-0 Tage vor Termin: Einbehalt 100 % des Workshop-Preises<\/p><\/div>\n\t\t\t\t<\/div>\n\t\t\t\t\t\t\t\t\t\t<script type=\"application\/ld+json\">{\"@context\":\"https:\\\/\\\/schema.org\",\"@type\":\"FAQPage\",\"mainEntity\":[{\"@type\":\"Question\",\"name\":\"Wo finden die Workshops statt?\",\"acceptedAnswer\":{\"@type\":\"Answer\",\"text\":\"<p>Alle Workshops finden im KUNSTLABOR 2 in der Dachauer Stra\\u00dfe 90, 80335 M\\u00fcnchen statt. Sie finden teils innen in unserem gro\\u00dfen Workshopbereich, teils Outdoor in einem unserer zwei Innenh\\u00f6fe statt.\\u00a0<\\\/p>\"}},{\"@type\":\"Question\",\"name\":\"Wo genau muss ich hinkommen?\",\"acceptedAnswer\":{\"@type\":\"Answer\",\"text\":\"<p>Alle Teilnehmer*innen werden beim Empfang des KUNSTLABOR 2 abgeholt.<\\\/p>\"}},{\"@type\":\"Question\",\"name\":\"Muss ich etwas mitbringen?\",\"acceptedAnswer\":{\"@type\":\"Answer\",\"text\":\"<p>Alle Materialien werden nat\\u00fcrlich von uns gestellt. Bitte Kleidung mitnehmen oder anziehen, die dreckig werden darf.<\\\/p><p>F\\u00fcr die Kurse, in denen die Spr\\u00fchdosen zum Einsatz kommen, bitte eigene FFP2-Maske mitbringen!<\\\/p>\"}},{\"@type\":\"Question\",\"name\":\"Ist der Besuch der Ausstellungsfl\\u00e4che im KUNSTLABOR 2 inkludiert?\",\"acceptedAnswer\":{\"@type\":\"Answer\",\"text\":\"<p>Gerne darfst du innerhalb unserer <a href=\\\"https:\\\/\\\/kunstlabor.org\\\/oeffnungszeiten\\\/\\\" target=\\\"_blank\\\" rel=\\\"noopener\\\">\\u00d6ffnungszeiten<\\\/a> vor oder nach dem Workshop unsere Ausstellungsfl\\u00e4che im KUNSTLABOR 2 entdecken. Bei allen Workshops ist der Eintritt inkludiert.<\\\/p>\"}},{\"@type\":\"Question\",\"name\":\"Werden auch Workshops f\\u00fcr geschlossene Gruppen angeboten?\",\"acceptedAnswer\":{\"@type\":\"Answer\",\"text\":\"<p>Workshops k\\u00f6nnen auch als geschlossene Gruppe gebucht werden. (z.B. als Geburtstagsgruppe). F\\u00fcr Anfragen bitte eine E-Mail an: info@kunstlabor.org\\u00a0<\\\/p><p>Bei den privaten Geburtstagskursen sind 10 Personen im Preis inklusive. Je nach Alter der Teilnehmer*innen k\\u00f6nnen nach Absprache auch maximal 13 bis 14 Personen teilnehmen. Die zus\\u00e4tzlichen Kosten hierf\\u00fcr k\\u00f6nnen dann vor Ort nachbezahlt werden.\\u00a0\\u00a0<\\\/p>\"}},{\"@type\":\"Question\",\"name\":\"Wie sind die Stornobedingungen?\",\"acceptedAnswer\":{\"@type\":\"Answer\",\"text\":\"<p>Ein Umtausch oder die Erstattung des gebuchten\\u00a0 festgelegten Workshops-Tickets ist leider nicht m\\u00f6glich.<\\\/p><p>Bei Buchung f\\u00fcr geschlossene Gruppen gelten folgende Stornobedingungen:<\\\/p><p>Bis 1 Woche vor Termin: kostenlos<\\\/p><p>6-4 Tage vor Termin: Einbehalt 50% des Workshop-Preises<\\\/p><p>3-2 Tage vor Termin: Einbehalt 75 % des Workshop-Preises<\\\/p><p>1-0 Tage vor Termin: Einbehalt 100 % des Workshop-Preises<\\\/p>\"}}]}<\/script>\n\t\t\t\t\t<\/div>\n\t\t\t\t\t\t<\/div>\n\t\t\t\t<\/div>\n\t\t\t\t\t<\/div>\n\t\t<\/div>\n\t\t\t\t\t<\/div>\n\t\t<\/section>\n\t\t\t\t<\/div>\n\t\t\t\t<\/div>\n\t\t\t\t\t\t<\/div>\n\t\t\t\t<\/div>\n\t\t\t\t<div class=\"elementor-element elementor-element-2c15f95 elementor-widget elementor-widget-template\" data-id=\"2c15f95\" data-element_type=\"widget\" data-e-type=\"widget\" data-widget_type=\"template.default\">\n\t\t\t\t<div class=\"elementor-widget-container\">\n\t\t\t\t\t\t\t<div class=\"elementor-template\">\n\t\t\t\t\t<div data-elementor-type=\"section\" data-elementor-id=\"27898\" class=\"elementor elementor-27898\" data-elementor-post-type=\"elementor_library\">\n\t\t\t\t\t<section class=\"elementor-section elementor-top-section elementor-element elementor-element-82197fe elementor-section-boxed elementor-section-height-default elementor-section-height-default\" data-id=\"82197fe\" data-element_type=\"section\" data-e-type=\"section\" data-settings=\"{&quot;background_background&quot;:&quot;classic&quot;}\">\n\t\t\t\t\t\t<div class=\"elementor-container elementor-column-gap-no\">\n\t\t\t\t\t<div class=\"elementor-column elementor-col-100 elementor-top-column elementor-element elementor-element-36f629d\" data-id=\"36f629d\" data-element_type=\"column\" data-e-type=\"column\">\n\t\t\t<div class=\"elementor-widget-wrap elementor-element-populated\">\n\t\t\t\t\t\t<div class=\"elementor-element elementor-element-3dcb74a elementor-widget elementor-widget-heading\" data-id=\"3dcb74a\" data-element_type=\"widget\" data-e-type=\"widget\" data-widget_type=\"heading.default\">\n\t\t\t\t<div class=\"elementor-widget-container\">\n\t\t\t\t\t<h3 class=\"elementor-heading-title elementor-size-default\">Fragen speziell zu Graffiti-Workshops:<\/h3>\t\t\t\t<\/div>\n\t\t\t\t<\/div>\n\t\t\t\t<div class=\"elementor-element elementor-element-6f705cc elementor-widget elementor-widget-accordion\" data-id=\"6f705cc\" data-element_type=\"widget\" data-e-type=\"widget\" data-widget_type=\"accordion.default\">\n\t\t\t\t<div class=\"elementor-widget-container\">\n\t\t\t\t\t\t\t<div class=\"elementor-accordion\">\n\t\t\t\t\t\t\t<div class=\"elementor-accordion-item\">\n\t\t\t\t\t<h6 id=\"elementor-tab-title-1161\" class=\"elementor-tab-title\" data-tab=\"1\" role=\"button\" aria-controls=\"elementor-tab-content-1161\" aria-expanded=\"false\">\n\t\t\t\t\t\t\t\t\t\t\t\t\t<span class=\"elementor-accordion-icon elementor-accordion-icon-left\" aria-hidden=\"true\">\n\t\t\t\t\t\t\t\t\t\t\t\t\t\t\t<span class=\"elementor-accordion-icon-closed\"><i class=\"fas fa-plus\"><\/i><\/span>\n\t\t\t\t\t\t\t\t<span class=\"elementor-accordion-icon-opened\"><i class=\"fas fa-minus\"><\/i><\/span>\n\t\t\t\t\t\t\t\t\t\t\t\t\t\t<\/span>\n\t\t\t\t\t\t\t\t\t\t\t\t<a class=\"elementor-accordion-title\" tabindex=\"0\">Was ist bei schlechtem Wetter?<\/a>\n\t\t\t\t\t<\/h6>\n\t\t\t\t\t<div id=\"elementor-tab-content-1161\" class=\"elementor-tab-content elementor-clearfix\" data-tab=\"1\" role=\"region\" aria-labelledby=\"elementor-tab-title-1161\"><p>Die Kurse finden auch bei leichtem Regen drau\u00dfen statt, bitte dementsprechende Kleidung mitbringen. Wenn es zu stark regnet, gibt es eine Indoor-Alternative oder wir finden einen Ersatztermin.<\/p><\/div>\n\t\t\t\t<\/div>\n\t\t\t\t\t\t\t<div class=\"elementor-accordion-item\">\n\t\t\t\t\t<h6 id=\"elementor-tab-title-1162\" class=\"elementor-tab-title\" data-tab=\"2\" role=\"button\" aria-controls=\"elementor-tab-content-1162\" aria-expanded=\"false\">\n\t\t\t\t\t\t\t\t\t\t\t\t\t<span class=\"elementor-accordion-icon elementor-accordion-icon-left\" aria-hidden=\"true\">\n\t\t\t\t\t\t\t\t\t\t\t\t\t\t\t<span class=\"elementor-accordion-icon-closed\"><i class=\"fas fa-plus\"><\/i><\/span>\n\t\t\t\t\t\t\t\t<span class=\"elementor-accordion-icon-opened\"><i class=\"fas fa-minus\"><\/i><\/span>\n\t\t\t\t\t\t\t\t\t\t\t\t\t\t<\/span>\n\t\t\t\t\t\t\t\t\t\t\t\t<a class=\"elementor-accordion-title\" tabindex=\"0\">Muss ich bei meiner Kleidung etwas beachten?<\/a>\n\t\t\t\t\t<\/h6>\n\t\t\t\t\t<div id=\"elementor-tab-content-1162\" class=\"elementor-tab-content elementor-clearfix\" data-tab=\"2\" role=\"region\" aria-labelledby=\"elementor-tab-title-1162\"><p>Bitte alte Kleidung tragen die Farbe abbekommen darf. Unabh\u00e4ngig von der Corona-Lage braucht man beim Sprayen aus Schutz vor den Aerosolen immer eine FFP2-Maske. Bitte mitbringen!<\/p><\/div>\n\t\t\t\t<\/div>\n\t\t\t\t\t\t\t<div class=\"elementor-accordion-item\">\n\t\t\t\t\t<h6 id=\"elementor-tab-title-1163\" class=\"elementor-tab-title\" data-tab=\"3\" role=\"button\" aria-controls=\"elementor-tab-content-1163\" aria-expanded=\"false\">\n\t\t\t\t\t\t\t\t\t\t\t\t\t<span class=\"elementor-accordion-icon elementor-accordion-icon-left\" aria-hidden=\"true\">\n\t\t\t\t\t\t\t\t\t\t\t\t\t\t\t<span class=\"elementor-accordion-icon-closed\"><i class=\"fas fa-plus\"><\/i><\/span>\n\t\t\t\t\t\t\t\t<span class=\"elementor-accordion-icon-opened\"><i class=\"fas fa-minus\"><\/i><\/span>\n\t\t\t\t\t\t\t\t\t\t\t\t\t\t<\/span>\n\t\t\t\t\t\t\t\t\t\t\t\t<a class=\"elementor-accordion-title\" tabindex=\"0\">Finden Graffiti-Workshops im Winter statt?<\/a>\n\t\t\t\t\t<\/h6>\n\t\t\t\t\t<div id=\"elementor-tab-content-1163\" class=\"elementor-tab-content elementor-clearfix\" data-tab=\"3\" role=\"region\" aria-labelledby=\"elementor-tab-title-1163\"><p>Nein, in den Wintermonaten findet aufgrund der schlechten Wetterbedingungen kein Graffiti-Workshop statt. Es werden aber Alternativen angeboten, die im Warmen stattfinden<\/p><\/div>\n\t\t\t\t<\/div>\n\t\t\t\t\t\t\t\t\t\t<script type=\"application\/ld+json\">{\"@context\":\"https:\\\/\\\/schema.org\",\"@type\":\"FAQPage\",\"mainEntity\":[{\"@type\":\"Question\",\"name\":\"Was ist bei schlechtem Wetter?\",\"acceptedAnswer\":{\"@type\":\"Answer\",\"text\":\"<p>Die Kurse finden auch bei leichtem Regen drau\\u00dfen statt, bitte dementsprechende Kleidung mitbringen. Wenn es zu stark regnet, gibt es eine Indoor-Alternative oder wir finden einen Ersatztermin.<\\\/p>\"}},{\"@type\":\"Question\",\"name\":\"Muss ich bei meiner Kleidung etwas beachten?\",\"acceptedAnswer\":{\"@type\":\"Answer\",\"text\":\"<p>Bitte alte Kleidung tragen die Farbe abbekommen darf. Unabh\\u00e4ngig von der Corona-Lage braucht man beim Sprayen aus Schutz vor den Aerosolen immer eine FFP2-Maske. Bitte mitbringen!<\\\/p>\"}},{\"@type\":\"Question\",\"name\":\"Finden Graffiti-Workshops im Winter statt?\",\"acceptedAnswer\":{\"@type\":\"Answer\",\"text\":\"<p>Nein, in den Wintermonaten findet aufgrund der schlechten Wetterbedingungen kein Graffiti-Workshop statt. Es werden aber Alternativen angeboten, die im Warmen stattfinden<\\\/p>\"}}]}<\/script>\n\t\t\t\t\t<\/div>\n\t\t\t\t\t\t<\/div>\n\t\t\t\t<\/div>\n\t\t\t\t\t<\/div>\n\t\t<\/div>\n\t\t\t\t\t<\/div>\n\t\t<\/section>\n\t\t\t\t<\/div>\n\t\t\t\t<\/div>\n\t\t\t\t\t\t<\/div>\n\t\t\t\t<\/div>\n\t\t\t\t<div class=\"elementor-element elementor-element-5d002e6 elementor-widget elementor-widget-template\" data-id=\"5d002e6\" data-element_type=\"widget\" data-e-type=\"widget\" data-widget_type=\"template.default\">\n\t\t\t\t<div class=\"elementor-widget-container\">\n\t\t\t\t\t\t\t<div class=\"elementor-template\">\n\t\t\t\t\t<div data-elementor-type=\"section\" data-elementor-id=\"27901\" class=\"elementor elementor-27901\" data-elementor-post-type=\"elementor_library\">\n\t\t\t\t\t<section class=\"elementor-section elementor-top-section elementor-element elementor-element-8e12ca5 elementor-section-boxed elementor-section-height-default elementor-section-height-default\" data-id=\"8e12ca5\" data-element_type=\"section\" data-e-type=\"section\" data-settings=\"{&quot;background_background&quot;:&quot;classic&quot;}\">\n\t\t\t\t\t\t<div class=\"elementor-container elementor-column-gap-no\">\n\t\t\t\t\t<div class=\"elementor-column elementor-col-100 elementor-top-column elementor-element elementor-element-fd1e79d\" data-id=\"fd1e79d\" data-element_type=\"column\" data-e-type=\"column\">\n\t\t\t<div class=\"elementor-widget-wrap elementor-element-populated\">\n\t\t\t\t\t\t<div class=\"elementor-element elementor-element-cf05cb5 elementor-widget elementor-widget-heading\" data-id=\"cf05cb5\" data-element_type=\"widget\" data-e-type=\"widget\" data-widget_type=\"heading.default\">\n\t\t\t\t<div class=\"elementor-widget-container\">\n\t\t\t\t\t<h3 class=\"elementor-heading-title elementor-size-default\">Weitere Fragen?<\/h3>\t\t\t\t<\/div>\n\t\t\t\t<\/div>\n\t\t\t\t<div class=\"elementor-element elementor-element-912c054 elementor-widget elementor-widget-text-editor\" data-id=\"912c054\" data-element_type=\"widget\" data-e-type=\"widget\" data-widget_type=\"text-editor.default\">\n\t\t\t\t<div class=\"elementor-widget-container\">\n\t\t\t\t\t\t\t\t\t<p>Wende Dich gerne damit an das KUNSTLABOR 2-Team:<\/p><p>Email:\u00a0info@kunstlabor.org<\/p><p>Telefon:\u00a0+49 (0)89 32963420<\/p>\t\t\t\t\t\t\t\t<\/div>\n\t\t\t\t<\/div>\n\t\t\t\t\t<\/div>\n\t\t<\/div>\n\t\t\t\t\t<\/div>\n\t\t<\/section>\n\t\t\t\t<\/div>\n\t\t\t\t<\/div>\n\t\t\t\t\t\t<\/div>\n\t\t\t\t<\/div>\n\t\t\t\t<div class=\"elementor-element elementor-element-a66949a elementor-widget elementor-widget-spacer\" data-id=\"a66949a\" data-element_type=\"widget\" data-e-type=\"widget\" data-widget_type=\"spacer.default\">\n\t\t\t\t<div class=\"elementor-widget-container\">\n\t\t\t\t\t\t\t<div class=\"elementor-spacer\">\n\t\t\t<div class=\"elementor-spacer-inner\"><\/div>\n\t\t<\/div>\n\t\t\t\t\t\t<\/div>\n\t\t\t\t<\/div>\n\t\t\t\t\t<\/div>\n\t\t<\/div>\n\t\t\t\t\t<\/div>\n\t\t<\/section>\n\t\t\t\t<\/div>\n\t\t","protected":false},"featured_media":27685,"template":"","workshop-thema":[179],"workshop-zielgruppe":[174],"class_list":["post-27558","workshop","type-workshop","status-publish","has-post-thumbnail","hentry","workshop-thema-stencil","workshop-zielgruppe-kids"],"acf":[],"yoast_head":"<!-- This site is optimized with the Yoast SEO plugin v27.3 - https:\/\/yoast.com\/product\/yoast-seo-wordpress\/ -->\n<title>Stencil Workshop in M\u00fcnchen f\u00fcr Kinder &#8212; Kunstlabor 2<\/title>\n<meta name=\"description\" content=\"Ein Stenciel Workshop f\u00fcr alle begeisterten Schablonen-K\u00fcnstler. Style, Farben, Technik und coole Storys erwarteten dich im KUNSTLABOR 2.\" \/>\n<meta name=\"robots\" content=\"index, follow, max-snippet:-1, max-image-preview:large, max-video-preview:-1\" \/>\n<link rel=\"canonical\" href=\"https:\/\/kunstlabor.org\/en\/workshop\/stencil-workshop-kids\/\" \/>\n<meta property=\"og:locale\" content=\"en_GB\" \/>\n<meta property=\"og:type\" content=\"article\" \/>\n<meta property=\"og:title\" content=\"Stencil Workshop in M\u00fcnchen f\u00fcr Kinder &#8212; Kunstlabor 2\" \/>\n<meta property=\"og:description\" content=\"Ein Stenciel Workshop f\u00fcr alle begeisterten Schablonen-K\u00fcnstler. Style, Farben, Technik und coole Storys erwarteten dich im KUNSTLABOR 2.\" \/>\n<meta property=\"og:url\" content=\"https:\/\/kunstlabor.org\/en\/workshop\/stencil-workshop-kids\/\" \/>\n<meta property=\"og:site_name\" content=\"Kunstlabor 2\" \/>\n<meta property=\"article:modified_time\" content=\"2024-02-28T13:57:59+00:00\" \/>\n<meta property=\"og:image\" content=\"https:\/\/kunstlabor.org\/wp-content\/uploads\/2023\/04\/Muca_Graffiti_Workshop_Stencil_Vorlage-scaled.jpg\" \/>\n\t<meta property=\"og:image:width\" content=\"2560\" \/>\n\t<meta property=\"og:image:height\" content=\"1707\" \/>\n\t<meta property=\"og:image:type\" content=\"image\/jpeg\" \/>\n<meta name=\"twitter:card\" content=\"summary_large_image\" \/>\n<script type=\"application\/ld+json\" class=\"yoast-schema-graph\">{\"@context\":\"https:\\\/\\\/schema.org\",\"@graph\":[{\"@type\":\"WebPage\",\"@id\":\"https:\\\/\\\/kunstlabor.org\\\/workshop\\\/stencil-workshop-kids\\\/\",\"url\":\"https:\\\/\\\/kunstlabor.org\\\/workshop\\\/stencil-workshop-kids\\\/\",\"name\":\"Stencil Workshop in M\u00fcnchen f\u00fcr Kinder &#8212; Kunstlabor 2\",\"isPartOf\":{\"@id\":\"https:\\\/\\\/kunstlabor.org\\\/#website\"},\"primaryImageOfPage\":{\"@id\":\"https:\\\/\\\/kunstlabor.org\\\/workshop\\\/stencil-workshop-kids\\\/#primaryimage\"},\"image\":{\"@id\":\"https:\\\/\\\/kunstlabor.org\\\/workshop\\\/stencil-workshop-kids\\\/#primaryimage\"},\"thumbnailUrl\":\"https:\\\/\\\/kunstlabor.org\\\/wp-content\\\/uploads\\\/2023\\\/04\\\/Muca_Graffiti_Workshop_Stencil_Vorlage-scaled.jpg\",\"datePublished\":\"2023-04-27T12:33:46+00:00\",\"dateModified\":\"2024-02-28T13:57:59+00:00\",\"description\":\"Ein Stenciel Workshop f\u00fcr alle begeisterten Schablonen-K\u00fcnstler. Style, Farben, Technik und coole Storys erwarteten dich im KUNSTLABOR 2.\",\"breadcrumb\":{\"@id\":\"https:\\\/\\\/kunstlabor.org\\\/workshop\\\/stencil-workshop-kids\\\/#breadcrumb\"},\"inLanguage\":\"en-GB\",\"potentialAction\":[{\"@type\":\"ReadAction\",\"target\":[\"https:\\\/\\\/kunstlabor.org\\\/workshop\\\/stencil-workshop-kids\\\/\"]}]},{\"@type\":\"ImageObject\",\"inLanguage\":\"en-GB\",\"@id\":\"https:\\\/\\\/kunstlabor.org\\\/workshop\\\/stencil-workshop-kids\\\/#primaryimage\",\"url\":\"https:\\\/\\\/kunstlabor.org\\\/wp-content\\\/uploads\\\/2023\\\/04\\\/Muca_Graffiti_Workshop_Stencil_Vorlage-scaled.jpg\",\"contentUrl\":\"https:\\\/\\\/kunstlabor.org\\\/wp-content\\\/uploads\\\/2023\\\/04\\\/Muca_Graffiti_Workshop_Stencil_Vorlage-scaled.jpg\",\"width\":2560,\"height\":1707,\"caption\":\"Muca_Graffiti_Workshop_Stencil_Vorlage\"},{\"@type\":\"BreadcrumbList\",\"@id\":\"https:\\\/\\\/kunstlabor.org\\\/workshop\\\/stencil-workshop-kids\\\/#breadcrumb\",\"itemListElement\":[{\"@type\":\"ListItem\",\"position\":1,\"name\":\"Startseite\",\"item\":\"https:\\\/\\\/kunstlabor.org\\\/\"},{\"@type\":\"ListItem\",\"position\":2,\"name\":\"Workshops\",\"item\":\"https:\\\/\\\/kunstlabor.org\\\/workshop\\\/\"},{\"@type\":\"ListItem\",\"position\":3,\"name\":\"Geburtstags-Workshop: Stencil Workshop | Kids\"}]},{\"@type\":\"WebSite\",\"@id\":\"https:\\\/\\\/kunstlabor.org\\\/#website\",\"url\":\"https:\\\/\\\/kunstlabor.org\\\/\",\"name\":\"Kunstlabor 2\",\"description\":\"M\u00fcnchens gr\u00f6\u00dfte Zwischennutzung geht an den Start\",\"publisher\":{\"@id\":\"https:\\\/\\\/kunstlabor.org\\\/#organization\"},\"potentialAction\":[{\"@type\":\"SearchAction\",\"target\":{\"@type\":\"EntryPoint\",\"urlTemplate\":\"https:\\\/\\\/kunstlabor.org\\\/?s={search_term_string}\"},\"query-input\":{\"@type\":\"PropertyValueSpecification\",\"valueRequired\":true,\"valueName\":\"search_term_string\"}}],\"inLanguage\":\"en-GB\"},{\"@type\":\"Organization\",\"@id\":\"https:\\\/\\\/kunstlabor.org\\\/#organization\",\"name\":\"Kunstlabor\",\"url\":\"https:\\\/\\\/kunstlabor.org\\\/\",\"logo\":{\"@type\":\"ImageObject\",\"inLanguage\":\"en-GB\",\"@id\":\"https:\\\/\\\/kunstlabor.org\\\/#\\\/schema\\\/logo\\\/image\\\/\",\"url\":\"https:\\\/\\\/kunstlabor.org\\\/wp-content\\\/uploads\\\/2021\\\/05\\\/logo.png\",\"contentUrl\":\"https:\\\/\\\/kunstlabor.org\\\/wp-content\\\/uploads\\\/2021\\\/05\\\/logo.png\",\"width\":490,\"height\":260,\"caption\":\"Kunstlabor\"},\"image\":{\"@id\":\"https:\\\/\\\/kunstlabor.org\\\/#\\\/schema\\\/logo\\\/image\\\/\"}}]}<\/script>\n<!-- \/ Yoast SEO plugin. -->","yoast_head_json":{"title":"Stencil workshop in Munich for children - Art Lab 2","description":"A Stenciel workshop for all enthusiastic stencil artists. Style, colours, technique and cool stories await you in KUNSTLABOR 2.","robots":{"index":"index","follow":"follow","max-snippet":"max-snippet:-1","max-image-preview":"max-image-preview:large","max-video-preview":"max-video-preview:-1"},"canonical":"https:\/\/kunstlabor.org\/en\/workshop\/stencil-workshop-kids\/","og_locale":"en_GB","og_type":"article","og_title":"Stencil Workshop in M\u00fcnchen f\u00fcr Kinder &#8212; Kunstlabor 2","og_description":"Ein Stenciel Workshop f\u00fcr alle begeisterten Schablonen-K\u00fcnstler. Style, Farben, Technik und coole Storys erwarteten dich im KUNSTLABOR 2.","og_url":"https:\/\/kunstlabor.org\/en\/workshop\/stencil-workshop-kids\/","og_site_name":"Kunstlabor 2","article_modified_time":"2024-02-28T13:57:59+00:00","og_image":[{"width":2560,"height":1707,"url":"https:\/\/kunstlabor.org\/wp-content\/uploads\/2023\/04\/Muca_Graffiti_Workshop_Stencil_Vorlage-scaled.jpg","type":"image\/jpeg"}],"twitter_card":"summary_large_image","schema":{"@context":"https:\/\/schema.org","@graph":[{"@type":"WebPage","@id":"https:\/\/kunstlabor.org\/workshop\/stencil-workshop-kids\/","url":"https:\/\/kunstlabor.org\/workshop\/stencil-workshop-kids\/","name":"Stencil workshop in Munich for children - Art Lab 2","isPartOf":{"@id":"https:\/\/kunstlabor.org\/#website"},"primaryImageOfPage":{"@id":"https:\/\/kunstlabor.org\/workshop\/stencil-workshop-kids\/#primaryimage"},"image":{"@id":"https:\/\/kunstlabor.org\/workshop\/stencil-workshop-kids\/#primaryimage"},"thumbnailUrl":"https:\/\/kunstlabor.org\/wp-content\/uploads\/2023\/04\/Muca_Graffiti_Workshop_Stencil_Vorlage-scaled.jpg","datePublished":"2023-04-27T12:33:46+00:00","dateModified":"2024-02-28T13:57:59+00:00","description":"A Stenciel workshop for all enthusiastic stencil artists. Style, colours, technique and cool stories await you in KUNSTLABOR 2.","breadcrumb":{"@id":"https:\/\/kunstlabor.org\/workshop\/stencil-workshop-kids\/#breadcrumb"},"inLanguage":"en-GB","potentialAction":[{"@type":"ReadAction","target":["https:\/\/kunstlabor.org\/workshop\/stencil-workshop-kids\/"]}]},{"@type":"ImageObject","inLanguage":"en-GB","@id":"https:\/\/kunstlabor.org\/workshop\/stencil-workshop-kids\/#primaryimage","url":"https:\/\/kunstlabor.org\/wp-content\/uploads\/2023\/04\/Muca_Graffiti_Workshop_Stencil_Vorlage-scaled.jpg","contentUrl":"https:\/\/kunstlabor.org\/wp-content\/uploads\/2023\/04\/Muca_Graffiti_Workshop_Stencil_Vorlage-scaled.jpg","width":2560,"height":1707,"caption":"Muca_Graffiti_Workshop_Stencil_Vorlage"},{"@type":"BreadcrumbList","@id":"https:\/\/kunstlabor.org\/workshop\/stencil-workshop-kids\/#breadcrumb","itemListElement":[{"@type":"ListItem","position":1,"name":"Startseite","item":"https:\/\/kunstlabor.org\/"},{"@type":"ListItem","position":2,"name":"Workshops","item":"https:\/\/kunstlabor.org\/workshop\/"},{"@type":"ListItem","position":3,"name":"Geburtstags-Workshop: Stencil Workshop | Kids"}]},{"@type":"WebSite","@id":"https:\/\/kunstlabor.org\/#website","url":"https:\/\/kunstlabor.org\/","name":"Kunstlabor 2","description":"Munich's largest interim use gets underway","publisher":{"@id":"https:\/\/kunstlabor.org\/#organization"},"potentialAction":[{"@type":"SearchAction","target":{"@type":"EntryPoint","urlTemplate":"https:\/\/kunstlabor.org\/?s={search_term_string}"},"query-input":{"@type":"PropertyValueSpecification","valueRequired":true,"valueName":"search_term_string"}}],"inLanguage":"en-GB"},{"@type":"Organization","@id":"https:\/\/kunstlabor.org\/#organization","name":"Art Lab","url":"https:\/\/kunstlabor.org\/","logo":{"@type":"ImageObject","inLanguage":"en-GB","@id":"https:\/\/kunstlabor.org\/#\/schema\/logo\/image\/","url":"https:\/\/kunstlabor.org\/wp-content\/uploads\/2021\/05\/logo.png","contentUrl":"https:\/\/kunstlabor.org\/wp-content\/uploads\/2021\/05\/logo.png","width":490,"height":260,"caption":"Kunstlabor"},"image":{"@id":"https:\/\/kunstlabor.org\/#\/schema\/logo\/image\/"}}]}},"_links":{"self":[{"href":"https:\/\/kunstlabor.org\/en\/wp-json\/wp\/v2\/workshop\/27558","targetHints":{"allow":["GET"]}}],"collection":[{"href":"https:\/\/kunstlabor.org\/en\/wp-json\/wp\/v2\/workshop"}],"about":[{"href":"https:\/\/kunstlabor.org\/en\/wp-json\/wp\/v2\/types\/workshop"}],"version-history":[{"count":21,"href":"https:\/\/kunstlabor.org\/en\/wp-json\/wp\/v2\/workshop\/27558\/revisions"}],"predecessor-version":[{"id":29715,"href":"https:\/\/kunstlabor.org\/en\/wp-json\/wp\/v2\/workshop\/27558\/revisions\/29715"}],"wp:featuredmedia":[{"embeddable":true,"href":"https:\/\/kunstlabor.org\/en\/wp-json\/wp\/v2\/media\/27685"}],"wp:attachment":[{"href":"https:\/\/kunstlabor.org\/en\/wp-json\/wp\/v2\/media?parent=27558"}],"wp:term":[{"taxonomy":"workshop-thema","embeddable":true,"href":"https:\/\/kunstlabor.org\/en\/wp-json\/wp\/v2\/workshop-thema?post=27558"},{"taxonomy":"workshop-zielgruppe","embeddable":true,"href":"https:\/\/kunstlabor.org\/en\/wp-json\/wp\/v2\/workshop-zielgruppe?post=27558"}],"curies":[{"name":"wp","href":"https:\/\/api.w.org\/{rel}","templated":true}]}}